{"version":"1.0","provider_name":"RutaSiete","provider_url":"https:\/\/rutasiete.es\/en","author_name":"RutaSiete","author_url":"https:\/\/rutasiete.es\/en\/author\/rutasiete\/","title":"D\u00eda de las monta\u00f1as - RutaSiete","type":"rich","width":600,"height":338,"html":"<blockquote class=\"wp-embedded-content\" data-secret=\"mEHJJLyXQe\"><a href=\"https:\/\/rutasiete.es\/en\/dia-de-las-montanas\/\">Mountain Day<\/a><\/blockquote><iframe sandbox=\"allow-scripts\" security=\"restricted\" src=\"https:\/\/rutasiete.es\/en\/dia-de-las-montanas\/embed\/#?secret=mEHJJLyXQe\" width=\"600\" height=\"338\" title=\"&#8220;D\u00eda de las monta\u00f1as&#8221; &#8212; RutaSiete\" data-secret=\"mEHJJLyXQe\" frameborder=\"0\" marginwidth=\"0\" marginheight=\"0\" scrolling=\"no\" class=\"wp-embedded-content\"><\/iframe><script>\n\/*! This file is auto-generated *\/\n!function(d,l){\"use strict\";l.querySelector&&d.addEventListener&&\"undefined\"!=typeof URL&&(d.wp=d.wp||{},d.wp.receiveEmbedMessage||(d.wp.receiveEmbedMessage=function(e){var t=e.data;if((t||t.secret||t.message||t.value)&&!\/[^a-zA-Z0-9]\/.test(t.secret)){for(var s,r,n,a=l.querySelectorAll('iframe[data-secret=\"'+t.secret+'\"]'),o=l.querySelectorAll('blockquote[data-secret=\"'+t.secret+'\"]'),c=new RegExp(\"^https?:$\",\"i\"),i=0;i<o.length;i++)o[i].style.display=\"none\";for(i=0;i<a.length;i++)s=a[i],e.source===s.contentWindow&&(s.removeAttribute(\"style\"),\"height\"===t.message?(1e3<(r=parseInt(t.value,10))?r=1e3:~~r<200&&(r=200),s.height=r):\"link\"===t.message&&(r=new URL(s.getAttribute(\"src\")),n=new URL(t.value),c.test(n.protocol))&&n.host===r.host&&l.activeElement===s&&(d.top.location.href=t.value))}},d.addEventListener(\"message\",d.wp.receiveEmbedMessage,!1),l.addEventListener(\"DOMContentLoaded\",function(){for(var e,t,s=l.querySelectorAll(\"iframe.wp-embedded-content\"),r=0;r<s.length;r++)(t=(e=s[r]).getAttribute(\"data-secret\"))||(t=Math.random().toString(36).substring(2,12),e.src+=\"#?secret=\"+t,e.setAttribute(\"data-secret\",t)),e.contentWindow.postMessage({message:\"ready\",secret:t},\"*\")},!1)))}(window,document);\n<\/script>","thumbnail_url":"https:\/\/rutasiete.es\/wp-content\/uploads\/2024\/12\/Rutasiete.jpg","thumbnail_width":800,"thumbnail_height":600,"description":"D\u00eda de las monta\u00f1as. El 11 de diciembre es el d\u00eda internacional de las Monta\u00f1as. Que puedo decir de ellas, para empezar que forman parte de mi vida desde que tengo uso de raz\u00f3n, recuerdo ir con mis padres a Grazalema por aquellas carreteras en mal estado y observar esos gigantes de piedra que te &hellip; Read more \"\""}